{"id":298,"date":"2024-11-04T18:43:19","date_gmt":"2024-11-04T18:43:19","guid":{"rendered":"http:\/\/da-creole-underground.com\/index.php\/francais\/"},"modified":"2024-11-07T10:39:33","modified_gmt":"2024-11-07T10:39:33","slug":"francais","status":"publish","type":"page","link":"http:\/\/da-creole-underground.com\/index.php\/fr\/francais\/","title":{"rendered":"&#8211; Fran\u00e7ais"},"content":{"rendered":"\n<div class=\"wp-block-group has-global-padding is-layout-constrained wp-block-group-is-layout-constrained\">\n<div style=\"height:57px\" aria-hidden=\"true\" class=\"wp-block-spacer\"><\/div>\n\n\n\n<h2 class=\"wp-block-heading has-text-align-center\" style=\"font-size:clamp(18.959px, 1.185rem + ((1vw - 3.2px) * 1.15), 30px);\">NOUS SOMMES DES FOURNISSEURS DE PAINS ET DE VIENNOISERIES ARTISANALES BAS\u00c9S AUX BAL\u00c9ARES<\/h2>\n\n\n\n<p class=\"has-text-align-center\" style=\"font-size:clamp(14px, 0.875rem + ((1vw - 3.2px) * 0.417), 18px);\">Co-Pain est un fournisseur de pain artisanal et biologique, sp\u00e9cialis\u00e9 dans les pains au levain et les p\u00e2tisseries artisanales. Nous avons pour objectif de fournir aux chefs des \u00eeles Bal\u00e9ares les meilleurs produits de pain afin qu\u2019ils puissent offrir \u00e0 leurs clients des cr\u00e9ations de qualit\u00e9. Tous nos pains et p\u00e2tisseries sont fabriqu\u00e9s avec soin dans notre atelier mallorquin, afin de r\u00e9pondre parfaitement \u00e0 la demande locale de produits d\u2019exception.<\/p>\n\n\n\n<div class=\"wp-block-buttons is-horizontal is-content-justification-center is-layout-flex wp-container-core-buttons-is-layout-03627597 wp-block-buttons-is-layout-flex\">\n<div class=\"wp-block-button has-custom-font-size is-style-outline has-small-font-size is-style-outline--1\"><a class=\"wp-block-button__link wp-element-button\" href=\"https:\/\/da-creole-underground.com\/index.php\/home-page\/\" style=\"border-radius:0px\">CONTACTEZ NOUS<\/a><\/div>\n<\/div>\n\n\n\n<div style=\"height:57px\" aria-hidden=\"true\" class=\"wp-block-spacer\"><\/div>\n<\/div>\n\n\n\n<div class=\"wp-block-group alignfull pattern_multiple_covers has-background has-global-padding is-layout-constrained wp-block-group-is-layout-constrained\" id=\"services\" style=\"background-color:#f8f8f8\">\n<div style=\"height:84px\" aria-hidden=\"true\" class=\"wp-block-spacer\"><\/div>\n\n\n\n<h2 class=\"wp-block-heading has-text-align-left\">Nos produits<\/h2>\n\n\n\n<p class=\"has-text-align-center\" style=\"font-size:clamp(14px, 0.875rem + ((1vw - 3.2px) * 0.417), 18px);\">Nous sour\u00e7ons toutes nos farines aupr\u00e8s de l\u2019un des derniers moulins fran\u00e7ais 100 % biologiques. Dans un souci de promotion de la culture locale, notre huile d\u2019olive, nos olives et notre farine de caroube proviennent de Majorque.<\/p>\n\n\n\n<div style=\"height:46px\" aria-hidden=\"true\" class=\"wp-block-spacer\"><\/div>\n\n\n\n<div class=\"wp-block-columns is-layout-flex wp-container-core-columns-is-layout-28f84493 wp-block-columns-is-layout-flex\">\n<div class=\"wp-block-column is-layout-flow wp-block-column-is-layout-flow\" style=\"padding-top:0;padding-right:0;padding-bottom:0;padding-left:0\">\n<div class=\"wp-block-cover has-custom-content-position is-position-bottom-left\" style=\"padding-top:var(--wp--preset--spacing--small);padding-right:var(--wp--preset--spacing--x-small);padding-bottom:var(--wp--preset--spacing--small);padding-left:var(--wp--preset--spacing--x-small)\"><span aria-hidden=\"true\" class=\"wp-block-cover__background has-background-dim wp-block-cover__gradient-background has-background-gradient\" style=\"background:linear-gradient(349deg,rgb(38,35,35) 0%,rgba(13,13,13,0.85) 65%,rgb(255,255,255) 100%)\"><\/span><img loading=\"lazy\" decoding=\"async\" width=\"1707\" height=\"2560\" class=\"wp-block-cover__image-background wp-image-8\" alt=\"\" src=\"http:\/\/da-creole-underground.com\/wp-content\/uploads\/2024\/09\/3A6A1469-scaled.jpg\" data-object-fit=\"cover\" srcset=\"http:\/\/da-creole-underground.com\/wp-content\/uploads\/2024\/09\/3A6A1469-scaled.jpg 1707w, http:\/\/da-creole-underground.com\/wp-content\/uploads\/2024\/09\/3A6A1469-200x300.jpg 200w, http:\/\/da-creole-underground.com\/wp-content\/uploads\/2024\/09\/3A6A1469-683x1024.jpg 683w, http:\/\/da-creole-underground.com\/wp-content\/uploads\/2024\/09\/3A6A1469-768x1152.jpg 768w, http:\/\/da-creole-underground.com\/wp-content\/uploads\/2024\/09\/3A6A1469-1024x1536.jpg 1024w, http:\/\/da-creole-underground.com\/wp-content\/uploads\/2024\/09\/3A6A1469-1365x2048.jpg 1365w\" sizes=\"auto, (max-width: 1707px) 100vw, 1707px\" \/><div class=\"wp-block-cover__inner-container is-layout-flow wp-block-cover-is-layout-flow\">\n<h3 class=\"wp-block-heading has-white-color has-text-color has-medium-font-size\" style=\"margin-top:0;margin-right:0;margin-bottom:0;margin-left:0\">Miches de pain<\/h3>\n\n\n\n<p>Miches de pain artisanales, pr\u00e9-cuites et livr\u00e9es congel\u00e9es, disponibles dans une vari\u00e9t\u00e9 de saveurs.<\/p>\n<\/div><\/div>\n\n\n\n<div class=\"wp-block-cover has-custom-content-position is-position-bottom-left\" style=\"padding-top:var(--wp--preset--spacing--small);padding-right:var(--wp--preset--spacing--x-small);padding-bottom:var(--wp--preset--spacing--small);padding-left:var(--wp--preset--spacing--x-small)\"><span aria-hidden=\"true\" class=\"wp-block-cover__background has-background-dim wp-block-cover__gradient-background has-background-gradient\" style=\"background:linear-gradient(183deg,rgb(255,255,255) 1%,rgb(0,0,0) 58%)\"><\/span><img loading=\"lazy\" decoding=\"async\" width=\"1082\" height=\"1570\" class=\"wp-block-cover__image-background wp-image-64\" alt=\"\" src=\"http:\/\/da-creole-underground.com\/wp-content\/uploads\/2024\/09\/43E99A86-A97D-4F17-9418-0CD8397248D1.jpeg\" data-object-fit=\"cover\" srcset=\"http:\/\/da-creole-underground.com\/wp-content\/uploads\/2024\/09\/43E99A86-A97D-4F17-9418-0CD8397248D1.jpeg 1082w, http:\/\/da-creole-underground.com\/wp-content\/uploads\/2024\/09\/43E99A86-A97D-4F17-9418-0CD8397248D1-207x300.jpeg 207w, http:\/\/da-creole-underground.com\/wp-content\/uploads\/2024\/09\/43E99A86-A97D-4F17-9418-0CD8397248D1-706x1024.jpeg 706w\" sizes=\"auto, (max-width: 1082px) 100vw, 1082px\" \/><div class=\"wp-block-cover__inner-container is-layout-flow wp-block-cover-is-layout-flow\">\n<h3 class=\"wp-block-heading has-white-color has-text-color has-medium-font-size\" style=\"margin-top:0;margin-right:0;margin-bottom:0;margin-left:0\">Focaccias &amp; pain cristal<\/h3>\n\n\n\n<p>D\u00e9couvrez nos focaccias \u00e0 l\u2019italienne, parfaites pour accompagner vos entr\u00e9es, ainsi que notre pain cristal, r\u00e9put\u00e9 pour sa l\u00e9g\u00e8ret\u00e9 et son croquant incomparable.<\/p>\n<\/div><\/div>\n<\/div>\n\n\n\n<div class=\"wp-block-column is-layout-flow wp-block-column-is-layout-flow\" style=\"padding-top:0;padding-right:0;padding-bottom:0;padding-left:0\">\n<div class=\"wp-block-cover has-custom-content-position is-position-bottom-left\" style=\"padding-top:var(--wp--preset--spacing--small);padding-right:var(--wp--preset--spacing--x-small);padding-bottom:var(--wp--preset--spacing--small);padding-left:var(--wp--preset--spacing--x-small)\"><span aria-hidden=\"true\" class=\"wp-block-cover__background has-background-dim wp-block-cover__gradient-background has-background-gradient\" style=\"background:linear-gradient(193deg,rgb(255,255,255) 2%,rgb(1,1,1) 51%)\"><\/span><img loading=\"lazy\" decoding=\"async\" width=\"1707\" height=\"2560\" class=\"wp-block-cover__image-background wp-image-62\" alt=\"\" src=\"http:\/\/da-creole-underground.com\/wp-content\/uploads\/2024\/09\/FE1A32A7-3E4F-4D8B-8D98-4B8DDADB60A1-scaled.jpeg\" data-object-fit=\"cover\" srcset=\"http:\/\/da-creole-underground.com\/wp-content\/uploads\/2024\/09\/FE1A32A7-3E4F-4D8B-8D98-4B8DDADB60A1-scaled.jpeg 1707w, http:\/\/da-creole-underground.com\/wp-content\/uploads\/2024\/09\/FE1A32A7-3E4F-4D8B-8D98-4B8DDADB60A1-200x300.jpeg 200w, http:\/\/da-creole-underground.com\/wp-content\/uploads\/2024\/09\/FE1A32A7-3E4F-4D8B-8D98-4B8DDADB60A1-683x1024.jpeg 683w, http:\/\/da-creole-underground.com\/wp-content\/uploads\/2024\/09\/FE1A32A7-3E4F-4D8B-8D98-4B8DDADB60A1-2000x3000.jpeg 2000w\" sizes=\"auto, (max-width: 1707px) 100vw, 1707px\" \/><div class=\"wp-block-cover__inner-container is-layout-flow wp-block-cover-is-layout-flow\">\n<h3 class=\"wp-block-heading has-white-color has-text-color has-medium-font-size\" style=\"margin-top:0;margin-right:0;margin-bottom:0;margin-left:0\">Baguettes &amp; torsad\u00e9s<\/h3>\n\n\n\n<p>D\u00e9couvrez nos baguettes artisanales et pains torsad\u00e9s, pr\u00e9-cuits \u00e0 80 % et livr\u00e9s congel\u00e9s.<\/p>\n<\/div><\/div>\n\n\n\n<div class=\"wp-block-cover has-custom-content-position is-position-bottom-left\" style=\"padding-top:var(--wp--preset--spacing--small);padding-right:var(--wp--preset--spacing--x-small);padding-bottom:var(--wp--preset--spacing--small);padding-left:var(--wp--preset--spacing--x-small)\"><span aria-hidden=\"true\" class=\"wp-block-cover__background has-background-dim wp-block-cover__gradient-background has-background-gradient\" style=\"background:linear-gradient(354deg,rgb(0,0,0) 52%,rgb(255,255,255) 99%)\"><\/span><img decoding=\"async\" class=\"wp-block-cover__image-background wp-image-65\" alt=\"\" src=\"http:\/\/da-creole-underground.com\/wp-content\/uploads\/2024\/09\/0A3AAA67-2E25-44BC-9A36-49A7DBE4EE1B.jpeg\" data-object-fit=\"cover\"\/><div class=\"wp-block-cover__inner-container is-layout-flow wp-block-cover-is-layout-flow\">\n<h3 class=\"wp-block-heading has-white-color has-text-color has-medium-font-size\" style=\"margin-top:0;margin-right:0;margin-bottom:0;margin-left:0\">Pains ronds<\/h3>\n\n\n\n<p>Pains ronds artisanaux, pr\u00e9-cuits et livr\u00e9s congel\u00e9s, disponibles en plusieurs saveurs.<\/p>\n<\/div><\/div>\n<\/div>\n\n\n\n<div class=\"wp-block-column is-layout-flow wp-block-column-is-layout-flow\" style=\"padding-top:0;padding-right:0;padding-bottom:0;padding-left:0\">\n<div class=\"wp-block-cover has-custom-content-position is-position-bottom-left\" style=\"padding-top:var(--wp--preset--spacing--small);padding-right:var(--wp--preset--spacing--x-small);padding-bottom:var(--wp--preset--spacing--small);padding-left:var(--wp--preset--spacing--x-small)\"><span aria-hidden=\"true\" class=\"wp-block-cover__background has-background-dim wp-block-cover__gradient-background has-background-gradient\" style=\"background:linear-gradient(191deg,rgb(255,255,255) 2%,rgb(0,0,0) 56%)\"><\/span><img loading=\"lazy\" decoding=\"async\" width=\"1707\" height=\"2560\" class=\"wp-block-cover__image-background wp-image-60\" alt=\"\" src=\"http:\/\/da-creole-underground.com\/wp-content\/uploads\/2024\/09\/70CA1474-7657-4858-B3D2-EBDD2DDB5386-scaled.jpeg\" data-object-fit=\"cover\" srcset=\"http:\/\/da-creole-underground.com\/wp-content\/uploads\/2024\/09\/70CA1474-7657-4858-B3D2-EBDD2DDB5386-scaled.jpeg 1707w, http:\/\/da-creole-underground.com\/wp-content\/uploads\/2024\/09\/70CA1474-7657-4858-B3D2-EBDD2DDB5386-200x300.jpeg 200w, http:\/\/da-creole-underground.com\/wp-content\/uploads\/2024\/09\/70CA1474-7657-4858-B3D2-EBDD2DDB5386-683x1024.jpeg 683w, http:\/\/da-creole-underground.com\/wp-content\/uploads\/2024\/09\/70CA1474-7657-4858-B3D2-EBDD2DDB5386-2000x3000.jpeg 2000w\" sizes=\"auto, (max-width: 1707px) 100vw, 1707px\" \/><div class=\"wp-block-cover__inner-container is-layout-flow wp-block-cover-is-layout-flow\">\n<h3 class=\"wp-block-heading has-white-color has-text-color has-medium-font-size\" style=\"margin-top:0;margin-right:0;margin-bottom:0;margin-left:0\">Viennoiseries<\/h3>\n\n\n\n<p>Nos croissants et pains au chocolat sont livr\u00e9s congel\u00e9s et non cuits, disponibles aussi en mini. <\/p>\n<\/div><\/div>\n\n\n\n<div class=\"wp-block-cover has-custom-content-position is-position-bottom-left\" style=\"padding-top:var(--wp--preset--spacing--small);padding-right:var(--wp--preset--spacing--x-small);padding-bottom:var(--wp--preset--spacing--small);padding-left:var(--wp--preset--spacing--x-small)\"><span aria-hidden=\"true\" class=\"wp-block-cover__background has-background-dim wp-block-cover__gradient-background has-background-gradient\" style=\"background:linear-gradient(2deg,rgb(0,0,0) 35%,rgb(254,254,254) 100%)\"><\/span><img loading=\"lazy\" decoding=\"async\" width=\"1085\" height=\"1566\" class=\"wp-block-cover__image-background wp-image-63\" alt=\"\" src=\"http:\/\/da-creole-underground.com\/wp-content\/uploads\/2024\/09\/BA820367-48BE-4038-A271-471447D982FC.jpeg\" data-object-fit=\"cover\" srcset=\"http:\/\/da-creole-underground.com\/wp-content\/uploads\/2024\/09\/BA820367-48BE-4038-A271-471447D982FC.jpeg 1085w, http:\/\/da-creole-underground.com\/wp-content\/uploads\/2024\/09\/BA820367-48BE-4038-A271-471447D982FC-208x300.jpeg 208w, http:\/\/da-creole-underground.com\/wp-content\/uploads\/2024\/09\/BA820367-48BE-4038-A271-471447D982FC-709x1024.jpeg 709w\" sizes=\"auto, (max-width: 1085px) 100vw, 1085px\" \/><div class=\"wp-block-cover__inner-container is-layout-flow wp-block-cover-is-layout-flow\">\n<h3 class=\"wp-block-heading has-white-color has-text-color has-medium-font-size\" style=\"margin-top:0;margin-right:0;margin-bottom:0;margin-left:0\">Burgers &amp; brioches<\/h3>\n\n\n\n<div style=\"height:0px\" aria-hidden=\"true\" class=\"wp-block-spacer\"><\/div>\n\n\n\n<p>Pains burger, hot dog, brioche et kebab, disponibles en diff\u00e9rentes tailles et saveurs. Livr\u00e9s 100 % cuits et congel\u00e9s.<\/p>\n<\/div><\/div>\n<\/div>\n<\/div>\n\n\n\n<div class=\"wp-block-buttons is-horizontal is-content-justification-center is-layout-flex wp-container-core-buttons-is-layout-03627597 wp-block-buttons-is-layout-flex\">\n<div class=\"wp-block-button has-custom-font-size is-style-outline has-small-font-size is-style-outline--2\"><a class=\"wp-block-button__link wp-element-button\" href=\"https:\/\/da-creole-underground.com\/index.php\/en\/products\/\" style=\"border-radius:0px\">D\u00c9COUVREZ NOTRE CATALOGUE<\/a><\/div>\n<\/div>\n\n\n\n<div style=\"height:103px\" aria-hidden=\"true\" class=\"wp-block-spacer\"><\/div>\n<\/div>\n\n\n\n<div class=\"wp-block-group alignfull has-global-padding is-layout-constrained wp-block-group-is-layout-constrained\">\n<div class=\"wp-block-group has-global-padding is-layout-constrained wp-block-group-is-layout-constrained\" style=\"padding-top:var(--wp--preset--spacing--small);padding-bottom:var(--wp--preset--spacing--small)\">\n<div style=\"height:30px\" aria-hidden=\"true\" class=\"wp-block-spacer\"><\/div>\n\n\n\n<div class=\"wp-block-columns is-layout-flex wp-container-core-columns-is-layout-c375d253 wp-block-columns-is-layout-flex\">\n<div class=\"wp-block-column is-vertically-aligned-center is-layout-flow wp-block-column-is-layout-flow\">\n<h2 class=\"wp-block-heading has-medium-font-size\" style=\"text-transform:uppercase\">NOTRE HISTOIRE<\/h2>\n\n\n\n<p>Co-Pain a \u00e9t\u00e9 cr\u00e9\u00e9 par Antoine, un entrepreneur fran\u00e7ais passionn\u00e9 de gastronomie. Lors de sa premi\u00e8re visite \u00e0 Majorque, il est tomb\u00e9 sous le charme de l\u2019\u00eele et a d\u00e9cid\u00e9 d\u2019y poser ses valises. En v\u00e9ritable amoureux de la cuisine fran\u00e7aise, il ne peut imaginer un repas sans tremper un morceau de pain frais dans la sauce restante. Ne trouvant pas de pain de qualit\u00e9 \u00e0 la fran\u00e7aise sur l\u2019\u00eele, il a alors eu l\u2019id\u00e9e de cr\u00e9er son propre atelier artisanal. Il a r\u00e9uni autour de lui une \u00e9quipe de boulangers talentueux, tous anim\u00e9s par la m\u00eame volont\u00e9 : proposer des recettes de pain artisanales parfaites, dignes des meilleures traditions fran\u00e7aises.<\/p>\n\n\n\n<p><\/p>\n\n\n\n<div class=\"wp-block-buttons is-horizontal is-content-justification-left is-layout-flex wp-container-core-buttons-is-layout-20be11b6 wp-block-buttons-is-layout-flex\">\n<div class=\"wp-block-button is-style-outline is-style-outline--3\"><a class=\"wp-block-button__link wp-element-button\" href=\"https:\/\/da-creole-underground.com\/index.php\/about\/\" style=\"border-radius:0px\">EN SAVOIR PLUS<\/a><\/div>\n<\/div>\n<\/div>\n\n\n\n<div class=\"wp-block-column is-layout-flow wp-block-column-is-layout-flow\">\n<figure class=\"wp-block-image size-large is-style-rounded\"><img loading=\"lazy\" decoding=\"async\" width=\"1024\" height=\"818\" src=\"https:\/\/da-creole-underground.com\/wp-content\/uploads\/2024\/10\/52844992-8904-45AD-89B8-EB3F560FA0B3-1024x818.jpeg\" alt=\"\" class=\"wp-image-194\" style=\"aspect-ratio:2\/3;object-fit:cover\" srcset=\"http:\/\/da-creole-underground.com\/wp-content\/uploads\/2024\/10\/52844992-8904-45AD-89B8-EB3F560FA0B3-1024x818.jpeg 1024w, http:\/\/da-creole-underground.com\/wp-content\/uploads\/2024\/10\/52844992-8904-45AD-89B8-EB3F560FA0B3-300x240.jpeg 300w, http:\/\/da-creole-underground.com\/wp-content\/uploads\/2024\/10\/52844992-8904-45AD-89B8-EB3F560FA0B3-2000x1598.jpeg 2000w\" sizes=\"auto, (max-width: 1024px) 100vw, 1024px\" \/><\/figure>\n<\/div>\n<\/div>\n\n\n\n<div style=\"height:30px\" aria-hidden=\"true\" class=\"wp-block-spacer\"><\/div>\n<\/div>\n<\/div>\n\n\n\n<div class=\"wp-block-group has-global-padding is-layout-constrained wp-block-group-is-layout-constrained\">\n<div class=\"wp-block-columns are-vertically-aligned-center is-layout-flex wp-container-core-columns-is-layout-28f84493 wp-block-columns-is-layout-flex\">\n<div class=\"wp-block-column is-vertically-aligned-center is-layout-flow wp-block-column-is-layout-flow\">\n<h2 class=\"wp-block-heading has-large-font-size\" style=\"font-weight:700\">Contact us<\/h2>\n\n\n\n<p style=\"font-size:clamp(0.875em, 0.875rem + ((1vw - 0.2em) * 0.375), 1.1em);\">Carrer Setze de Juliol, 37, Nord,  <\/p>\n\n\n\n<p style=\"font-size:clamp(0.875em, 0.875rem + ((1vw - 0.2em) * 0.375), 1.1em);\">07009 Palma, Illes Balears, Espagne<\/p>\n\n\n\n<p style=\"font-size:clamp(0.875em, 0.875rem + ((1vw - 0.2em) * 0.375), 1.1em);\">Phone: +34 605 83 79 81<br>Email: Info@co-pain.es<\/p>\n\n\n\n<ul class=\"wp-block-social-links has-icon-color is-style-logos-only is-layout-flex wp-block-social-links-is-layout-flex\"><li style=\"color:#000000;\" class=\"wp-social-link wp-social-link-instagram has-black-color wp-block-social-link\"><a href=\"https:\/\/www.instagram.com\/copain_mallorca?igsh=MTI3M281cmVidWpmeQ==\" class=\"wp-block-social-link-anchor\"><svg width=\"24\" height=\"24\" viewBox=\"0 0 24 24\" version=\"1.1\" xmlns=\"http:\/\/www.w3.org\/2000\/svg\" aria-hidden=\"true\" focusable=\"false\"><path d=\"M12,4.622c2.403,0,2.688,0.009,3.637,0.052c0.877,0.04,1.354,0.187,1.671,0.31c0.42,0.163,0.72,0.358,1.035,0.673 c0.315,0.315,0.51,0.615,0.673,1.035c0.123,0.317,0.27,0.794,0.31,1.671c0.043,0.949,0.052,1.234,0.052,3.637 s-0.009,2.688-0.052,3.637c-0.04,0.877-0.187,1.354-0.31,1.671c-0.163,0.42-0.358,0.72-0.673,1.035 c-0.315,0.315-0.615,0.51-1.035,0.673c-0.317,0.123-0.794,0.27-1.671,0.31c-0.949,0.043-1.233,0.052-3.637,0.052 s-2.688-0.009-3.637-0.052c-0.877-0.04-1.354-0.187-1.671-0.31c-0.42-0.163-0.72-0.358-1.035-0.673 c-0.315-0.315-0.51-0.615-0.673-1.035c-0.123-0.317-0.27-0.794-0.31-1.671C4.631,14.688,4.622,14.403,4.622,12 s0.009-2.688,0.052-3.637c0.04-0.877,0.187-1.354,0.31-1.671c0.163-0.42,0.358-0.72,0.673-1.035 c0.315-0.315,0.615-0.51,1.035-0.673c0.317-0.123,0.794-0.27,1.671-0.31C9.312,4.631,9.597,4.622,12,4.622 M12,3 C9.556,3,9.249,3.01,8.289,3.054C7.331,3.098,6.677,3.25,6.105,3.472C5.513,3.702,5.011,4.01,4.511,4.511 c-0.5,0.5-0.808,1.002-1.038,1.594C3.25,6.677,3.098,7.331,3.054,8.289C3.01,9.249,3,9.556,3,12c0,2.444,0.01,2.751,0.054,3.711 c0.044,0.958,0.196,1.612,0.418,2.185c0.23,0.592,0.538,1.094,1.038,1.594c0.5,0.5,1.002,0.808,1.594,1.038 c0.572,0.222,1.227,0.375,2.185,0.418C9.249,20.99,9.556,21,12,21s2.751-0.01,3.711-0.054c0.958-0.044,1.612-0.196,2.185-0.418 c0.592-0.23,1.094-0.538,1.594-1.038c0.5-0.5,0.808-1.002,1.038-1.594c0.222-0.572,0.375-1.227,0.418-2.185 C20.99,14.751,21,14.444,21,12s-0.01-2.751-0.054-3.711c-0.044-0.958-0.196-1.612-0.418-2.185c-0.23-0.592-0.538-1.094-1.038-1.594 c-0.5-0.5-1.002-0.808-1.594-1.038c-0.572-0.222-1.227-0.375-2.185-0.418C14.751,3.01,14.444,3,12,3L12,3z M12,7.378 c-2.552,0-4.622,2.069-4.622,4.622S9.448,16.622,12,16.622s4.622-2.069,4.622-4.622S14.552,7.378,12,7.378z M12,15 c-1.657,0-3-1.343-3-3s1.343-3,3-3s3,1.343,3,3S13.657,15,12,15z M16.804,6.116c-0.596,0-1.08,0.484-1.08,1.08 s0.484,1.08,1.08,1.08c0.596,0,1.08-0.484,1.08-1.08S17.401,6.116,16.804,6.116z\"><\/path><\/svg><span class=\"wp-block-social-link-label screen-reader-text\">Instagram<\/span><\/a><\/li><\/ul>\n<\/div>\n\n\n\n<div class=\"wp-block-column is-vertically-aligned-center is-layout-flow wp-block-column-is-layout-flow\">\n<div style=\"height:68px\" aria-hidden=\"true\" class=\"wp-block-spacer\"><\/div>\n\n\n\n> <iframe src=\"https:\/\/www.google.com\/maps\/embed?pb=!1m18!1m12!1m3!1d3074.1840379456025!2d2.6596380750064865!3d39.60053650491255!2m3!1f0!2f0!3f0!3m2!1i1024!2i768!4f13.1!3m3!1m2!1s0x129793965622a0e3%3A0xd8ca0a35406af76b!2sCopain!5e0!3m2!1sfr!2sfr!4v1727784646499!5m2!1sfr!2sfr\" width=\"600\" height=\"450\" style=\"border:0;\" allowfullscreen=\"\" loading=\"lazy\" referrerpolicy=\"no-referrer-when-downgrade\"><\/iframe>\n<\/div>\n<\/div>\n<\/div>\n","protected":false},"excerpt":{"rendered":"<p>NOUS SOMMES DES FOURNISSEURS DE PAINS ET DE VIENNOISERIES ARTISANALES BAS\u00c9S AUX BAL\u00c9ARES Co-Pain est un fournisseur de pain artisanal et biologique, sp\u00e9cialis\u00e9 dans les pains au levain et les p\u00e2tisseries artisanales. Nous avons pour objectif de fournir aux chefs des \u00eeles Bal\u00e9ares les meilleurs produits de pain afin qu\u2019ils puissent offrir \u00e0 leurs clients &hellip; <\/p>\n<p class=\"link-more\"><a href=\"http:\/\/da-creole-underground.com\/index.php\/fr\/francais\/\" class=\"more-link\">Read more<span class=\"screen-reader-text\"> &#8220;&#8211; Fran\u00e7ais&#8221;<\/span><\/a><\/p>\n","protected":false},"author":1,"featured_media":0,"parent":0,"menu_order":0,"comment_status":"closed","ping_status":"closed","template":"","meta":{"_monsterinsights_skip_tracking":false,"_monsterinsights_sitenote_active":false,"_monsterinsights_sitenote_note":"","_monsterinsights_sitenote_category":0,"footnotes":""},"class_list":["post-298","page","type-page","status-publish","hentry"],"_links":{"self":[{"href":"http:\/\/da-creole-underground.com\/index.php\/wp-json\/wp\/v2\/pages\/298","targetHints":{"allow":["GET"]}}],"collection":[{"href":"http:\/\/da-creole-underground.com\/index.php\/wp-json\/wp\/v2\/pages"}],"about":[{"href":"http:\/\/da-creole-underground.com\/index.php\/wp-json\/wp\/v2\/types\/page"}],"author":[{"embeddable":true,"href":"http:\/\/da-creole-underground.com\/index.php\/wp-json\/wp\/v2\/users\/1"}],"replies":[{"embeddable":true,"href":"http:\/\/da-creole-underground.com\/index.php\/wp-json\/wp\/v2\/comments?post=298"}],"version-history":[{"count":3,"href":"http:\/\/da-creole-underground.com\/index.php\/wp-json\/wp\/v2\/pages\/298\/revisions"}],"predecessor-version":[{"id":457,"href":"http:\/\/da-creole-underground.com\/index.php\/wp-json\/wp\/v2\/pages\/298\/revisions\/457"}],"wp:attachment":[{"href":"http:\/\/da-creole-underground.com\/index.php\/wp-json\/wp\/v2\/media?parent=298"}],"curies":[{"name":"wp","href":"https:\/\/api.w.org\/{rel}","templated":true}]}}